{"id":6040,"date":"2025-01-17T11:56:28","date_gmt":"2025-01-17T11:56:28","guid":{"rendered":"https:\/\/www.stratumdesign.ch\/?post_type=product&#038;p=6040"},"modified":"2026-02-19T13:33:28","modified_gmt":"2026-02-19T13:33:28","slug":"etagere-contour","status":"publish","type":"product","link":"https:\/\/www.stratumdesign.ch\/fr\/shop\/glacier\/contour-shelf\/","title":{"rendered":"\u00c9tag\u00e8re autoportante"},"content":{"rendered":"<p>L&#039;\u00e9tag\u00e8re GLACIER s&#039;inspire de l&#039;int\u00e9rieur dynamique des grottes de glace, o\u00f9 la fonte et le regel sculptent des formes organiques et spectaculaires. Con\u00e7ue pour \u00eatre \u00e0 la fois fonctionnelle et artistique, sa texture 3D offre un espace d&#039;exposition unique, cr\u00e9ant un jeu d&#039;ombre, de lumi\u00e8re et de profondeur unique. Plus qu&#039;une simple \u00e9tag\u00e8re, elle transforme n&#039;importe quel mur en un \u00e9crin de mouvement et de s\u00e9r\u00e9nit\u00e9, alliant pr\u00e9sence sculpturale et praticit\u00e9 au quotidien.<\/p>","protected":false},"excerpt":{"rendered":"<p>Captive par ses contours fluides inspir\u00e9s des grottes de glace glaciaires, o\u00f9 la fonte et la recong\u00e9lation fa\u00e7onnent une interaction dynamique de profondeur, de lumi\u00e8re et d&#039;ombre.<\/p>","protected":false},"featured_media":6286,"comment_status":"open","ping_status":"closed","template":"","meta":{"rs_blank_template":"","rs_page_bg_color":"","slide_template_v7":"","wds_primary_product_brand":0,"wds_primary_product_cat":92},"product_brand":[],"product_cat":[92,79],"product_tag":[],"class_list":{"0":"post-6040","1":"product","2":"type-product","3":"status-publish","4":"has-post-thumbnail","6":"product_cat-glacier","7":"product_cat-shelves","9":"first","10":"instock","11":"taxable","12":"shipping-taxable","13":"purchasable","14":"product-type-simple"},"_links":{"self":[{"href":"https:\/\/www.stratumdesign.ch\/fr\/wp-json\/wp\/v2\/product\/6040","targetHints":{"allow":["GET"]}}],"collection":[{"href":"https:\/\/www.stratumdesign.ch\/fr\/wp-json\/wp\/v2\/product"}],"about":[{"href":"https:\/\/www.stratumdesign.ch\/fr\/wp-json\/wp\/v2\/types\/product"}],"replies":[{"embeddable":true,"href":"https:\/\/www.stratumdesign.ch\/fr\/wp-json\/wp\/v2\/comments?post=6040"}],"version-history":[{"count":2,"href":"https:\/\/www.stratumdesign.ch\/fr\/wp-json\/wp\/v2\/product\/6040\/revisions"}],"predecessor-version":[{"id":8050,"href":"https:\/\/www.stratumdesign.ch\/fr\/wp-json\/wp\/v2\/product\/6040\/revisions\/8050"}],"wp:featuredmedia":[{"embeddable":true,"href":"https:\/\/www.stratumdesign.ch\/fr\/wp-json\/wp\/v2\/media\/6286"}],"wp:attachment":[{"href":"https:\/\/www.stratumdesign.ch\/fr\/wp-json\/wp\/v2\/media?parent=6040"}],"wp:term":[{"taxonomy":"product_brand","embeddable":true,"href":"https:\/\/www.stratumdesign.ch\/fr\/wp-json\/wp\/v2\/product_brand?post=6040"},{"taxonomy":"product_cat","embeddable":true,"href":"https:\/\/www.stratumdesign.ch\/fr\/wp-json\/wp\/v2\/product_cat?post=6040"},{"taxonomy":"product_tag","embeddable":true,"href":"https:\/\/www.stratumdesign.ch\/fr\/wp-json\/wp\/v2\/product_tag?post=6040"}],"curies":[{"name":"wp","href":"https:\/\/api.w.org\/{rel}","templated":true}]}}