{"id":4591,"date":"2023-03-22T18:11:53","date_gmt":"2023-03-22T18:11:53","guid":{"rendered":"https:\/\/www.stratumdesign.ch\/?page_id=4591"},"modified":"2023-04-10T14:13:52","modified_gmt":"2023-04-10T14:13:52","slug":"anpassen","status":"publish","type":"page","link":"https:\/\/www.stratumdesign.ch\/de\/customize\/","title":{"rendered":"Anpassen"},"content":{"rendered":"<div data-elementor-type=\"wp-page\" data-elementor-id=\"4591\" class=\"elementor elementor-4591\" data-elementor-post-type=\"page\">\n\t\t\t\t\t\t<section class=\"elementor-section elementor-top-section elementor-element elementor-element-dc0af73 elementor-section-boxed elementor-section-height-default elementor-section-height-default\" data-id=\"dc0af73\" data-element_type=\"section\" data-e-type=\"section\">\n\t\t\t\t\t\t<div class=\"elementor-container elementor-column-gap-default\">\n\t\t\t\t\t<div class=\"elementor-column elementor-col-100 elementor-top-column elementor-element elementor-element-e28d005\" data-id=\"e28d005\" data-element_type=\"column\" data-e-type=\"column\">\n\t\t\t<div class=\"elementor-widget-wrap elementor-element-populated\">\n\t\t\t\t\t\t<div class=\"elementor-element elementor-element-275e70d elementor-widget elementor-widget-heading\" data-id=\"275e70d\" data-element_type=\"widget\" data-e-type=\"widget\" data-widget_type=\"heading.default\">\n\t\t\t\t<div class=\"elementor-widget-container\">\n\t\t\t\t\t<h2 class=\"elementor-heading-title elementor-size-default\">So individualisieren Sie mit uns<\/h2>\t\t\t\t<\/div>\n\t\t\t\t<\/div>\n\t\t\t\t\t<\/div>\n\t\t<\/div>\n\t\t\t\t\t<\/div>\n\t\t<\/section>\n\t\t\t\t<section class=\"elementor-section elementor-top-section elementor-element elementor-element-5c77ab1 elementor-section-boxed elementor-section-height-default elementor-section-height-default\" data-id=\"5c77ab1\" data-element_type=\"section\" data-e-type=\"section\">\n\t\t\t\t\t\t<div class=\"elementor-container elementor-column-gap-default\">\n\t\t\t\t\t<div class=\"elementor-column elementor-col-33 elementor-top-column elementor-element elementor-element-e3c6da5\" data-id=\"e3c6da5\" data-element_type=\"column\" data-e-type=\"column\">\n\t\t\t<div class=\"elementor-widget-wrap elementor-element-populated\">\n\t\t\t\t\t\t<div class=\"elementor-element elementor-element-11a6919 elementor-widget elementor-widget-image\" data-id=\"11a6919\" data-element_type=\"widget\" data-e-type=\"widget\" data-widget_type=\"image.default\">\n\t\t\t\t<div class=\"elementor-widget-container\">\n\t\t\t\t\t\t\t\t\t\t\t\t\t\t\t<img fetchpriority=\"high\" decoding=\"async\" width=\"1024\" height=\"1024\" src=\"https:\/\/www.stratumdesign.ch\/wp-content\/uploads\/sites\/5\/2015\/08\/Wave-Coffee-Table-dark-1024x1024.jpg\" class=\"attachment-large size-large wp-image-4586\" alt=\"\" srcset=\"https:\/\/www.stratumdesign.ch\/wp-content\/uploads\/sites\/5\/2015\/08\/Wave-Coffee-Table-dark-1024x1024.jpg 1024w, https:\/\/www.stratumdesign.ch\/wp-content\/uploads\/sites\/5\/2015\/08\/Wave-Coffee-Table-dark-300x300.jpg 300w, https:\/\/www.stratumdesign.ch\/wp-content\/uploads\/sites\/5\/2015\/08\/Wave-Coffee-Table-dark-150x150.jpg 150w, https:\/\/www.stratumdesign.ch\/wp-content\/uploads\/sites\/5\/2015\/08\/Wave-Coffee-Table-dark-768x768.jpg 768w, https:\/\/www.stratumdesign.ch\/wp-content\/uploads\/sites\/5\/2015\/08\/Wave-Coffee-Table-dark-1536x1536.jpg 1536w, https:\/\/www.stratumdesign.ch\/wp-content\/uploads\/sites\/5\/2015\/08\/Wave-Coffee-Table-dark-2048x2048.jpg 2048w, https:\/\/www.stratumdesign.ch\/wp-content\/uploads\/sites\/5\/2015\/08\/Wave-Coffee-Table-dark-12x12.jpg 12w, https:\/\/www.stratumdesign.ch\/wp-content\/uploads\/sites\/5\/2015\/08\/Wave-Coffee-Table-dark-680x680.jpg 680w, https:\/\/www.stratumdesign.ch\/wp-content\/uploads\/sites\/5\/2015\/08\/Wave-Coffee-Table-dark-100x100.jpg 100w\" sizes=\"(max-width: 1024px) 100vw, 1024px\" \/>\t\t\t\t\t\t\t\t\t\t\t\t\t\t\t<\/div>\n\t\t\t\t<\/div>\n\t\t\t\t<div class=\"elementor-element elementor-element-313fa2a elementor-widget elementor-widget-heading\" data-id=\"313fa2a\" data-element_type=\"widget\" data-e-type=\"widget\" data-widget_type=\"heading.default\">\n\t\t\t\t<div class=\"elementor-widget-container\">\n\t\t\t\t\t<h2 class=\"elementor-heading-title elementor-size-default\">Personalisiert<\/h2>\t\t\t\t<\/div>\n\t\t\t\t<\/div>\n\t\t\t\t<div class=\"elementor-element elementor-element-e7b9d90 elementor-widget elementor-widget-text-editor\" data-id=\"e7b9d90\" data-element_type=\"widget\" data-e-type=\"widget\" data-widget_type=\"text-editor.default\">\n\t\t\t\t<div class=\"elementor-widget-container\">\n\t\t\t\t\t\t\t\t\t<p>Unsere Produkte bieten beispiellose Individualisierungsm\u00f6glichkeiten\u00a0<span style=\"color: var( --e-global-color-text ); font-family: var( --e-global-typography-text-font-family ), Sans-serif; font-weight: var( --e-global-typography-text-font-weight );\">Nutzung unserer benutzerfreundlichen, webbasierten Software \u201eStratum Designer\u201c<\/span><span style=\"color: var( --e-global-color-text ); font-family: var( --e-global-typography-text-font-family ), Sans-serif; font-weight: var( --e-global-typography-text-font-weight );\">.\u00a0<\/span><span style=\"color: var( --e-global-color-text ); font-family: var( --e-global-typography-text-font-family ), Sans-serif; font-weight: var( --e-global-typography-text-font-weight );\">Klicken Sie auf einer beliebigen Produktseite auf \u201ePersonalisieren\u201c oder gehen Sie direkt zum Designer, um mit der Erstellung Ihres einzigartigen Meisterwerks zu beginnen.<\/span><\/p><p><span style=\"color: var( --e-global-color-text ); font-family: var( --e-global-typography-text-font-family ), Sans-serif; font-weight: var( --e-global-typography-text-font-weight );\">Wenn Sie Unterst\u00fctzung ben\u00f6tigen, begleiten wir Sie gerne durch den Prozess und sorgen daf\u00fcr, dass Sie Stratum Designer optimal nutzen. Bleiben Sie dran, denn wir erweitern unser Angebot kontinuierlich um vielseitige Design-Stile und funktionale Features, um Ihre einzigartigen Kreationen zu versch\u00f6nern.<\/span><\/p>\t\t\t\t\t\t\t\t<\/div>\n\t\t\t\t<\/div>\n\t\t\t\t<div class=\"elementor-element elementor-element-5e194d9 elementor-align-justify elementor-widget elementor-widget-button\" data-id=\"5e194d9\" data-element_type=\"widget\" data-e-type=\"widget\" data-widget_type=\"button.default\">\n\t\t\t\t<div class=\"elementor-widget-container\">\n\t\t\t\t\t\t\t\t\t<div class=\"elementor-button-wrapper\">\n\t\t\t\t\t<a class=\"elementor-button elementor-button-link elementor-size-sm\" href=\"https:\/\/design.stratumbespoke.com\/\" target=\"_blank\" rel=\"noopener\">\n\t\t\t\t\t\t<span class=\"elementor-button-content-wrapper\">\n\t\t\t\t\t\t\t\t\t<span class=\"elementor-button-text\">Stratum-Designer<\/span>\n\t\t\t\t\t<\/span>\n\t\t\t\t\t<\/a>\n\t\t\t\t<\/div>\n\t\t\t\t\t\t\t\t<\/div>\n\t\t\t\t<\/div>\n\t\t\t\t\t<\/div>\n\t\t<\/div>\n\t\t\t\t<div class=\"elementor-column elementor-col-33 elementor-top-column elementor-element elementor-element-32437bf\" data-id=\"32437bf\" data-element_type=\"column\" data-e-type=\"column\">\n\t\t\t<div class=\"elementor-widget-wrap elementor-element-populated\">\n\t\t\t\t\t\t<div class=\"elementor-element elementor-element-0c1fdf4 elementor-widget elementor-widget-image\" data-id=\"0c1fdf4\" data-element_type=\"widget\" data-e-type=\"widget\" data-widget_type=\"image.default\">\n\t\t\t\t<div class=\"elementor-widget-container\">\n\t\t\t\t\t\t\t\t\t\t\t\t\t\t\t<img decoding=\"async\" width=\"1024\" height=\"1024\" data-src=\"https:\/\/www.stratumdesign.ch\/wp-content\/uploads\/sites\/5\/2023\/02\/v4-back-1-1024x1024.jpg\" class=\"attachment-large size-large wp-image-4384 lazyload\" alt=\"\" data-srcset=\"https:\/\/www.stratumdesign.ch\/wp-content\/uploads\/sites\/5\/2023\/02\/v4-back-1-1024x1024.jpg 1024w, https:\/\/www.stratumdesign.ch\/wp-content\/uploads\/sites\/5\/2023\/02\/v4-back-1-300x300.jpg 300w, https:\/\/www.stratumdesign.ch\/wp-content\/uploads\/sites\/5\/2023\/02\/v4-back-1-150x150.jpg 150w, https:\/\/www.stratumdesign.ch\/wp-content\/uploads\/sites\/5\/2023\/02\/v4-back-1-768x768.jpg 768w, https:\/\/www.stratumdesign.ch\/wp-content\/uploads\/sites\/5\/2023\/02\/v4-back-1-1536x1536.jpg 1536w, https:\/\/www.stratumdesign.ch\/wp-content\/uploads\/sites\/5\/2023\/02\/v4-back-1-12x12.jpg 12w, https:\/\/www.stratumdesign.ch\/wp-content\/uploads\/sites\/5\/2023\/02\/v4-back-1-350x350.jpg 350w, https:\/\/www.stratumdesign.ch\/wp-content\/uploads\/sites\/5\/2023\/02\/v4-back-1-680x680.jpg 680w, https:\/\/www.stratumdesign.ch\/wp-content\/uploads\/sites\/5\/2023\/02\/v4-back-1-100x100.jpg 100w, https:\/\/www.stratumdesign.ch\/wp-content\/uploads\/sites\/5\/2023\/02\/v4-back-1.jpg 2000w\" data-sizes=\"(max-width: 1024px) 100vw, 1024px\" src=\"data:image\/svg+xml;base64,PHN2ZyB3aWR0aD0iMSIgaGVpZ2h0PSIxIiB4bWxucz0iaHR0cDovL3d3dy53My5vcmcvMjAwMC9zdmciPjwvc3ZnPg==\" style=\"--smush-placeholder-width: 1024px; --smush-placeholder-aspect-ratio: 1024\/1024;\" \/>\t\t\t\t\t\t\t\t\t\t\t\t\t\t\t<\/div>\n\t\t\t\t<\/div>\n\t\t\t\t<div class=\"elementor-element elementor-element-14d1fb6 elementor-widget elementor-widget-heading\" data-id=\"14d1fb6\" data-element_type=\"widget\" data-e-type=\"widget\" data-widget_type=\"heading.default\">\n\t\t\t\t<div class=\"elementor-widget-container\">\n\t\t\t\t\t<h2 class=\"elementor-heading-title elementor-size-default\">Custom<\/h2>\t\t\t\t<\/div>\n\t\t\t\t<\/div>\n\t\t\t\t<div class=\"elementor-element elementor-element-87c7f0e elementor-widget elementor-widget-text-editor\" data-id=\"87c7f0e\" data-element_type=\"widget\" data-e-type=\"widget\" data-widget_type=\"text-editor.default\">\n\t\t\t\t<div class=\"elementor-widget-container\">\n\t\t\t\t\t\t\t\t\t<p>Suchen Sie ein einzigartiges St\u00fcck, das \u00fcber unsere bestehende Kollektion hinausgeht? Wir freuen uns darauf, mit Ihnen zusammenzuarbeiten und Ihre Vision zum Leben zu erwecken. Unser M\u00f6belherstellungsprozess erm\u00f6glicht sowohl komplexe Formen und Geometrien als auch schlichte, elegante Designs, die Ihr Zuhause perfekt erg\u00e4nzen.\u00a0<\/p><p>Wir erstellen Ihnen gerne kostenlose Vorskizzen, um Ihre Vision zu verstehen, bevor wir weiterarbeiten. F\u00fcr eine wirklich personalisierte Designreise beginnen wir bei 600 CHF pro Designrunde. So k\u00f6nnen Sie Ihre exklusive, speziell f\u00fcr Sie gefertigte Kreation verfeinern und perfektionieren.<\/p>\t\t\t\t\t\t\t\t<\/div>\n\t\t\t\t<\/div>\n\t\t\t\t<div class=\"elementor-element elementor-element-91b08ff elementor-align-justify elementor-widget elementor-widget-button\" data-id=\"91b08ff\" data-element_type=\"widget\" data-e-type=\"widget\" data-widget_type=\"button.default\">\n\t\t\t\t<div class=\"elementor-widget-container\">\n\t\t\t\t\t\t\t\t\t<div class=\"elementor-button-wrapper\">\n\t\t\t\t\t<a class=\"elementor-button elementor-button-link elementor-size-sm\" href=\"https:\/\/www.stratumdesign.ch\/de\/kontakt\/\">\n\t\t\t\t\t\t<span class=\"elementor-button-content-wrapper\">\n\t\t\t\t\t\t\t\t\t<span class=\"elementor-button-text\">Schick uns eine Nachricht<\/span>\n\t\t\t\t\t<\/span>\n\t\t\t\t\t<\/a>\n\t\t\t\t<\/div>\n\t\t\t\t\t\t\t\t<\/div>\n\t\t\t\t<\/div>\n\t\t\t\t\t<\/div>\n\t\t<\/div>\n\t\t\t\t<div class=\"elementor-column elementor-col-33 elementor-top-column elementor-element elementor-element-8003a20\" data-id=\"8003a20\" data-element_type=\"column\" data-e-type=\"column\">\n\t\t\t<div class=\"elementor-widget-wrap elementor-element-populated\">\n\t\t\t\t\t\t<div class=\"elementor-element elementor-element-c26cef3 elementor-widget elementor-widget-image\" data-id=\"c26cef3\" data-element_type=\"widget\" data-e-type=\"widget\" data-widget_type=\"image.default\">\n\t\t\t\t<div class=\"elementor-widget-container\">\n\t\t\t\t\t\t\t\t\t\t\t\t\t\t\t<img decoding=\"async\" width=\"1024\" height=\"1024\" data-src=\"https:\/\/www.stratumdesign.ch\/wp-content\/uploads\/sites\/5\/2022\/09\/stream-detail-mobile-1-1024x1024.jpg\" class=\"attachment-large size-large wp-image-3015 lazyload\" alt=\"\" data-srcset=\"https:\/\/www.stratumdesign.ch\/wp-content\/uploads\/sites\/5\/2022\/09\/stream-detail-mobile-1-1024x1024.jpg 1024w, https:\/\/www.stratumdesign.ch\/wp-content\/uploads\/sites\/5\/2022\/09\/stream-detail-mobile-1-300x300.jpg 300w, https:\/\/www.stratumdesign.ch\/wp-content\/uploads\/sites\/5\/2022\/09\/stream-detail-mobile-1-150x150.jpg 150w, https:\/\/www.stratumdesign.ch\/wp-content\/uploads\/sites\/5\/2022\/09\/stream-detail-mobile-1-768x768.jpg 768w, https:\/\/www.stratumdesign.ch\/wp-content\/uploads\/sites\/5\/2022\/09\/stream-detail-mobile-1-12x12.jpg 12w, https:\/\/www.stratumdesign.ch\/wp-content\/uploads\/sites\/5\/2022\/09\/stream-detail-mobile-1-680x680.jpg 680w, https:\/\/www.stratumdesign.ch\/wp-content\/uploads\/sites\/5\/2022\/09\/stream-detail-mobile-1-100x100.jpg 100w, https:\/\/www.stratumdesign.ch\/wp-content\/uploads\/sites\/5\/2022\/09\/stream-detail-mobile-1.jpg 1080w\" data-sizes=\"(max-width: 1024px) 100vw, 1024px\" src=\"data:image\/svg+xml;base64,PHN2ZyB3aWR0aD0iMSIgaGVpZ2h0PSIxIiB4bWxucz0iaHR0cDovL3d3dy53My5vcmcvMjAwMC9zdmciPjwvc3ZnPg==\" style=\"--smush-placeholder-width: 1024px; --smush-placeholder-aspect-ratio: 1024\/1024;\" \/>\t\t\t\t\t\t\t\t\t\t\t\t\t\t\t<\/div>\n\t\t\t\t<\/div>\n\t\t\t\t<div class=\"elementor-element elementor-element-14c9df8 elementor-widget elementor-widget-heading\" data-id=\"14c9df8\" data-element_type=\"widget\" data-e-type=\"widget\" data-widget_type=\"heading.default\">\n\t\t\t\t<div class=\"elementor-widget-container\">\n\t\t\t\t\t<h2 class=\"elementor-heading-title elementor-size-default\">Werbung <\/h2>\t\t\t\t<\/div>\n\t\t\t\t<\/div>\n\t\t\t\t<div class=\"elementor-element elementor-element-0d1d7b8 elementor-widget elementor-widget-text-editor\" data-id=\"0d1d7b8\" data-element_type=\"widget\" data-e-type=\"widget\" data-widget_type=\"text-editor.default\">\n\t\t\t\t<div class=\"elementor-widget-container\">\n\t\t\t\t\t\t\t\t\t<p>Suchen Sie ein unverwechselbares, auff\u00e4lliges Design f\u00fcr Ihr Restaurant, Ihre Bar, Ihr Gesch\u00e4ft oder Ihre B\u00fcror\u00e4ume? Unser Unternehmen ist spezialisiert auf die Herstellung einzigartiger, dynamischer und skulpturaler Holzprodukte, die jedem Ambiente eine besondere Note verleihen. Design ist unsere Leidenschaft und wir freuen uns auf gr\u00f6\u00dfere, anspruchsvolle Projekte in den Bereichen Innenarchitektur, Einzelhandelsdesign und transformative Umbauten.<\/p><p>Wir sind bestens ger\u00fcstet und freuen uns darauf, vielf\u00e4ltige und spannende Design-Herausforderungen zu meistern. Wir bieten umfassende Dienstleistungen vom Konzept bis zur Installation. In enger Zusammenarbeit mit Ihnen verwandeln wir Ihren Raum in ein beeindruckendes Erlebnis.<\/p><p>Lassen Sie uns gemeinsam Ihre Vision Wirklichkeit werden lassen und eine unvergessliche Umgebung schaffen, die einen bleibenden Eindruck hinterl\u00e4sst.\u201c<\/p>\t\t\t\t\t\t\t\t<\/div>\n\t\t\t\t<\/div>\n\t\t\t\t<div class=\"elementor-element elementor-element-0317b6f elementor-align-justify elementor-widget elementor-widget-button\" data-id=\"0317b6f\" data-element_type=\"widget\" data-e-type=\"widget\" data-widget_type=\"button.default\">\n\t\t\t\t<div class=\"elementor-widget-container\">\n\t\t\t\t\t\t\t\t\t<div class=\"elementor-button-wrapper\">\n\t\t\t\t\t<a class=\"elementor-button elementor-button-link elementor-size-sm\" href=\"https:\/\/www.stratumdesign.ch\/de\/kontakt\/\">\n\t\t\t\t\t\t<span class=\"elementor-button-content-wrapper\">\n\t\t\t\t\t\t\t\t\t<span class=\"elementor-button-text\">Schick uns eine Nachricht<\/span>\n\t\t\t\t\t<\/span>\n\t\t\t\t\t<\/a>\n\t\t\t\t<\/div>\n\t\t\t\t\t\t\t\t<\/div>\n\t\t\t\t<\/div>\n\t\t\t\t\t<\/div>\n\t\t<\/div>\n\t\t\t\t\t<\/div>\n\t\t<\/section>\n\t\t\t\t<section class=\"elementor-section elementor-top-section elementor-element elementor-element-703fb5c elementor-section-boxed elementor-section-height-default elementor-section-height-default\" data-id=\"703fb5c\" data-element_type=\"section\" data-e-type=\"section\" data-settings=\"{&quot;background_background&quot;:&quot;classic&quot;}\">\n\t\t\t\t\t\t<div class=\"elementor-container elementor-column-gap-default\">\n\t\t\t\t\t<div class=\"elementor-column elementor-col-50 elementor-top-column elementor-element elementor-element-5bcd26a\" data-id=\"5bcd26a\" data-element_type=\"column\" data-e-type=\"column\" data-settings=\"{&quot;background_background&quot;:&quot;classic&quot;}\">\n\t\t\t<div class=\"elementor-widget-wrap elementor-element-populated\">\n\t\t\t\t\t\t<div class=\"elementor-element elementor-element-22f3c648 elementor-position-left elementor-vertical-align-top elementor-widget elementor-widget-image-box\" data-id=\"22f3c648\" data-element_type=\"widget\" data-e-type=\"widget\" data-widget_type=\"image-box.default\">\n\t\t\t\t<div class=\"elementor-widget-container\">\n\t\t\t\t\t<div class=\"elementor-image-box-wrapper\"><figure class=\"elementor-image-box-img\"><img decoding=\"async\" width=\"520\" height=\"520\" data-src=\"https:\/\/www.stratumdesign.ch\/wp-content\/uploads\/sites\/5\/2015\/08\/me-face.jpg\" class=\"attachment-full size-full wp-image-3874 lazyload\" alt=\"\" data-srcset=\"https:\/\/www.stratumdesign.ch\/wp-content\/uploads\/sites\/5\/2015\/08\/me-face.jpg 520w, https:\/\/www.stratumdesign.ch\/wp-content\/uploads\/sites\/5\/2015\/08\/me-face-300x300.jpg 300w, https:\/\/www.stratumdesign.ch\/wp-content\/uploads\/sites\/5\/2015\/08\/me-face-150x150.jpg 150w, https:\/\/www.stratumdesign.ch\/wp-content\/uploads\/sites\/5\/2015\/08\/me-face-12x12.jpg 12w, https:\/\/www.stratumdesign.ch\/wp-content\/uploads\/sites\/5\/2015\/08\/me-face-350x350.jpg 350w, https:\/\/www.stratumdesign.ch\/wp-content\/uploads\/sites\/5\/2015\/08\/me-face-100x100.jpg 100w\" data-sizes=\"(max-width: 520px) 100vw, 520px\" src=\"data:image\/svg+xml;base64,PHN2ZyB3aWR0aD0iMSIgaGVpZ2h0PSIxIiB4bWxucz0iaHR0cDovL3d3dy53My5vcmcvMjAwMC9zdmciPjwvc3ZnPg==\" style=\"--smush-placeholder-width: 520px; --smush-placeholder-aspect-ratio: 520\/520;\" \/><\/figure><div class=\"elementor-image-box-content\"><h3 class=\"elementor-image-box-title\">Lernen Sie Brian Overman kennen<\/h3><p class=\"elementor-image-box-description\">Stratums Hauptdesigner, der mit Leidenschaft modernstes Design mit modernen Holzm\u00f6beln verbindet. Der geb\u00fcrtige Kalifornier haucht der Schweizer M\u00f6belindustrie mit einzigartigem Flair neues Leben ein.<\/p><\/div><\/div>\t\t\t\t<\/div>\n\t\t\t\t<\/div>\n\t\t\t\t\t<\/div>\n\t\t<\/div>\n\t\t\t\t<div class=\"elementor-column elementor-col-50 elementor-top-column elementor-element elementor-element-b251292\" data-id=\"b251292\" data-element_type=\"column\" data-e-type=\"column\" data-settings=\"{&quot;background_background&quot;:&quot;classic&quot;}\">\n\t\t\t<div class=\"elementor-widget-wrap elementor-element-populated\">\n\t\t\t\t\t\t<div class=\"elementor-element elementor-element-5142e033 elementor-widget elementor-widget-heading\" data-id=\"5142e033\" data-element_type=\"widget\" data-e-type=\"widget\" data-widget_type=\"heading.default\">\n\t\t\t\t<div class=\"elementor-widget-container\">\n\t\t\t\t\t<h2 class=\"elementor-heading-title elementor-size-default\">Lassen Sie uns gemeinsam einzigartige M\u00f6bel kreieren!<\/h2>\t\t\t\t<\/div>\n\t\t\t\t<\/div>\n\t\t\t\t<div class=\"elementor-element elementor-element-77b90e52 elementor-widget elementor-widget-text-editor\" data-id=\"77b90e52\" data-element_type=\"widget\" data-e-type=\"widget\" data-widget_type=\"text-editor.default\">\n\t\t\t\t<div class=\"elementor-widget-container\">\n\t\t\t\t\t\t\t\t\t<p>Ich freue mich darauf, mit Ihnen in Kontakt zu treten und alles rund um M\u00f6beldesign zu besprechen! Vereinbaren Sie noch heute ein 15-min\u00fctiges Design-Beratungsgespr\u00e4ch mit mir, um Ihre M\u00f6glichkeiten zu erkunden. Ob Sie von einem unserer charakteristischen Produkte fasziniert sind, ein St\u00fcck individuell gestalten m\u00f6chten oder sich eine v\u00f6llig einzigartige Zusammenarbeit vorstellen \u2013 ich helfe Ihnen gerne und erwecke Ihre Ideen zum Leben!<\/p>\t\t\t\t\t\t\t\t<\/div>\n\t\t\t\t<\/div>\n\t\t\t\t<div class=\"elementor-element elementor-element-51f04a05 elementor-widget__width-inherit elementor-widget elementor-widget-html\" data-id=\"51f04a05\" data-element_type=\"widget\" data-e-type=\"widget\" data-widget_type=\"html.default\">\n\t\t\t\t<div class=\"elementor-widget-container\">\n\t\t\t\t\t<!-- Calendly link widget begin -->\n<link href=\"https:\/\/assets.calendly.com\/assets\/external\/widget.css\" rel=\"stylesheet\">\n<script src=\"https:\/\/assets.calendly.com\/assets\/external\/widget.js\" type=\"text\/javascript\" async><\/script>\n<style>\n    .custum-button-schedule {\n        background-color: white;\n        color: black;\n        margin: 10px;\n    }\n        .custum-button-schedule:hover {\n        color: black;\n    }\n    \n<\/style>\n<a class=\"custum-button-schedule elementor-button-link button elementor-size-sm\" href=\"\" onclick=\"Calendly.initPopupWidget({url: 'https:\/\/calendly.com\/brian-stratum-design\/stratum-design-consultation'});return false;\">Vereinbaren Sie noch heute einen Termin<\/a>\n<!-- Calendly link widget end -->\t\t\t\t<\/div>\n\t\t\t\t<\/div>\n\t\t\t\t\t<\/div>\n\t\t<\/div>\n\t\t\t\t\t<\/div>\n\t\t<\/section>\n\t\t\t\t<\/div>","protected":false},"excerpt":{"rendered":"<p>How to customize with us Personalized Our products offer unparalleled customization options\u00a0utilizing our user-friendly, web-based &#8216;Stratum Designer&#8217; software.\u00a0Click &#8216;personalize&#8217; on any product page or go straight to the designer to start creating your unique masterpiece. If you need assistance, we&#8217;re here to guide you through the process, ensuring you get the most out of Stratum &hellip;<\/p>","protected":false},"author":2,"featured_media":0,"parent":0,"menu_order":0,"comment_status":"closed","ping_status":"closed","template":"","meta":{"rs_blank_template":"","rs_page_bg_color":"","slide_template_v7":"","footnotes":""},"class_list":["post-4591","page","type-page","status-publish","hentry"],"_links":{"self":[{"href":"https:\/\/www.stratumdesign.ch\/de\/wp-json\/wp\/v2\/pages\/4591","targetHints":{"allow":["GET"]}}],"collection":[{"href":"https:\/\/www.stratumdesign.ch\/de\/wp-json\/wp\/v2\/pages"}],"about":[{"href":"https:\/\/www.stratumdesign.ch\/de\/wp-json\/wp\/v2\/types\/page"}],"author":[{"embeddable":true,"href":"https:\/\/www.stratumdesign.ch\/de\/wp-json\/wp\/v2\/users\/2"}],"replies":[{"embeddable":true,"href":"https:\/\/www.stratumdesign.ch\/de\/wp-json\/wp\/v2\/comments?post=4591"}],"version-history":[{"count":0,"href":"https:\/\/www.stratumdesign.ch\/de\/wp-json\/wp\/v2\/pages\/4591\/revisions"}],"wp:attachment":[{"href":"https:\/\/www.stratumdesign.ch\/de\/wp-json\/wp\/v2\/media?parent=4591"}],"curies":[{"name":"wp","href":"https:\/\/api.w.org\/{rel}","templated":true}]}}